{"id":197,"date":"2019-08-07T09:28:33","date_gmt":"2019-08-07T07:28:33","guid":{"rendered":"http:\/\/scpet.sample.si\/srednja-tehniska-in-strokovna-sola\/dijaki\/dijaska-skupnost-stss-copy\/"},"modified":"2025-10-01T11:36:42","modified_gmt":"2025-10-01T09:36:42","slug":"solski-koledar","status":"publish","type":"page","link":"https:\/\/www.scpet.si\/srednja-tehniska-in-strokovna-sola\/solski-koledar\/","title":{"rendered":"\u0160olski koledar"},"content":{"rendered":"<p><div class=\"fusion-fullwidth fullwidth-box fusion-builder-row-1 fusion-flex-container nonhundred-percent-fullwidth non-hundred-percent-height-scrolling\" style=\"background-color: rgba(255,255,255,0);background-position: center center;background-repeat: no-repeat;border-width: 0px 0px 0px 0px;border-color:#eae9e9;border-style:solid;\" ><div class=\"fusion-builder-row fusion-row fusion-flex-align-items-flex-start\" style=\"max-width:1331.2px;margin-left: calc(-4% \/ 2 );margin-right: calc(-4% \/ 2 );\"><div class=\"fusion-layout-column fusion_builder_column fusion-builder-column-0 fusion_builder_column_1_1 1_1 fusion-flex-column\"><div class=\"fusion-column-wrapper fusion-flex-justify-content-flex-start fusion-content-layout-column\" style=\"background-position:left top;background-repeat:no-repeat;-webkit-background-size:cover;-moz-background-size:cover;-o-background-size:cover;background-size:cover;padding: 0px 0px 0px 0px;\"><div class=\"fusion-text fusion-text-1\"><h3>\u0160olski koledar 2025 \/ 2026<\/h3>\n<\/div><div class=\"fusion-separator fusion-full-width-sep\" style=\"align-self: center;margin-left: auto;margin-right: auto;margin-top:8px;margin-bottom:8px;width:100%;\"><div class=\"fusion-separator-border sep-double\" style=\"border-color:#e0dede;border-top-width:0px;border-bottom-width:0px;\"><\/div><\/div><div class=\"fusion-text fusion-text-2\"><p>Izberite:<\/p>\n<ul>\n<li><a class=\"fusion-one-page-text-link\" href=\"#poklicna_matura\">Poklicna matura<\/a><\/li>\n<li><a class=\"fusion-one-page-text-link\" href=\"#Pocitnice\">Po\u010ditnice<\/a><\/li>\n<li><a class=\"fusion-one-page-text-link\" href=\"#Praznicni_dnevi\">Prazni\u010dni dnevi, pouka prost dan<\/a><\/li>\n<li><a class=\"fusion-one-page-text-link\" href=\"#Ocenjevalna_obdobja\">Ocenjevalna obdobja<\/a><\/li>\n<li><a class=\"fusion-one-page-text-link\" href=\"#Redovalne_konference\">Redovalne konference<\/a><\/li>\n<li><a class=\"fusion-one-page-text-link\" href=\"#Izpitni_roki\">Izpitni roki<\/a><\/li>\n<li><a class=\"fusion-one-page-text-link\" href=\"#Govorilne_ure\">Govorilne ure<\/a><\/li>\n<li><a class=\"fusion-one-page-text-link\" href=\"#Skupne\">Skupne popoldanske govorilne ure<\/a><\/li>\n<li><a class=\"fusion-one-page-text-link\" href=\"#Roditeljski_sestanki\">Roditeljski sestanki<\/a><\/li>\n<li><a class=\"fusion-one-page-text-link\" href=\"#Ostalo\">Ostalo<\/a><\/li>\n<\/ul>\n<\/div><div class=\"fusion-separator fusion-full-width-sep\" style=\"align-self: center;margin-left: auto;margin-right: auto;margin-top:8px;margin-bottom:8px;width:100%;\"><div class=\"fusion-separator-border sep-double\" style=\"border-color:#e0dede;border-top-width:0px;border-bottom-width:0px;\"><\/div><\/div><div class=\"fusion-text fusion-text-3\"><div class=\"table-1\">\n<table width=\"614\">\n<tbody>\n<tr>\n<td width=\"387\">Za\u010detek pouka<\/td>\n<td width=\"227\">1. 9. 2025<\/td>\n<\/tr>\n<tr>\n<td width=\"387\">Zaklju\u010dek 2. ocenjevalnega obdobja<\/p>\n<p>za 1., 2. 3. letnike<\/p>\n<p>za 4. letnik<\/td>\n<td width=\"227\">&nbsp;<\/p>\n<p>23. 6.\u00a0 2026<\/p>\n<p>22. 5. 2026<\/td>\n<\/tr>\n<tr>\n<td width=\"387\">Zaklju\u010dek pouka in razdelitev spri\u010deval<\/p>\n<p>za 1., 2. 3. letnike<\/p>\n<p>za 4. letnik<\/td>\n<td width=\"227\">&nbsp;<\/p>\n<p>24. 6. 2026<\/p>\n<p>22. 5. 2026<\/td>\n<\/tr>\n<tr>\n<td width=\"387\">Priprava na poklicno maturo<\/td>\n<td width=\"227\">25. 5. \u2013 28. 5. 2026<\/td>\n<\/tr>\n<\/tbody>\n<\/table>\n<\/div><div class=\"fusion-separator fusion-full-width-sep\" style=\"align-self: center;margin-left: auto;margin-right: auto;margin-top:8px;margin-bottom:8px;width:100%;\"><div class=\"fusion-separator-border sep-double\" style=\"border-color:#e0dede;border-top-width:0px;border-bottom-width:0px;\"><\/div><\/div><div class=\"fusion-menu-anchor\" id=\"poklicna_matura\"><\/div><div class=\"fusion-text fusion-text-4\"><p><strong>\u00a0Poklicna matura<\/strong><\/p>\n<div class=\"table-1\">\n<table width=\"614\">\n<tbody>\n<tr>\n<td width=\"387\">Zimski izpitni rok 2026<\/p>\n<p>\u2013\u00a0\u00a0\u00a0\u00a0\u00a0\u00a0\u00a0\u00a0\u00a0 Za\u010detek izpitnega roka<\/p>\n<p>\u2013\u00a0\u00a0\u00a0\u00a0\u00a0\u00a0\u00a0\u00a0\u00a0 Seznanitev kandidatov z rezultati<\/td>\n<td width=\"227\">2. 2. 2026<\/p>\n<p>6. 2. 2026<\/td>\n<\/tr>\n<tr>\n<td width=\"387\">Spomladanski rok 2026<\/p>\n<p>\u2013\u00a0\u00a0\u00a0\u00a0\u00a0\u00a0\u00a0\u00a0\u00a0 Za\u010detek izpitnega roka<\/p>\n<p>\u2013\u00a0\u00a0\u00a0\u00a0\u00a0\u00a0\u00a0\u00a0\u00a0 Za\u010detek obdobja ustnih izpitov<\/p>\n<p>\u2013\u00a0\u00a0\u00a0\u00a0\u00a0\u00a0\u00a0\u00a0\u00a0 Seznanitev kandidatov z rezultati<\/td>\n<td width=\"227\">29. 5. 2026<\/p>\n<p>10. 6. 2026<\/p>\n<p>8. 7. 2026<\/td>\n<\/tr>\n<tr>\n<td width=\"387\">Jesenski izpitni rok<\/p>\n<p>\u2013\u00a0\u00a0\u00a0\u00a0\u00a0\u00a0\u00a0\u00a0\u00a0 Za\u010detek izpitnega roka<\/p>\n<p>\u2013\u00a0\u00a0\u00a0\u00a0\u00a0\u00a0\u00a0\u00a0\u00a0 Seznanitev kandidatov z rezultati<\/td>\n<td width=\"227\">22. 8. 2026<\/p>\n<p>9. 9. 202<\/td>\n<\/tr>\n<\/tbody>\n<\/table>\n<\/div>\n<\/div><div class=\"fusion-separator fusion-full-width-sep\" style=\"align-self: center;margin-left: auto;margin-right: auto;margin-top:8px;margin-bottom:8px;width:100%;\"><div class=\"fusion-separator-border sep-double\" style=\"border-color:#e0dede;border-top-width:0px;border-bottom-width:0px;\"><\/div><\/div><div class=\"fusion-menu-anchor\" id=\"Pocitnice\"><\/div><div class=\"fusion-text fusion-text-5\"><p><strong>\u00a0Po\u010ditnice<\/strong><\/p>\n<div class=\"table-1\">\n<table width=\"614\">\n<tbody>\n<tr>\n<td width=\"387\">Jesenske po\u010ditnice<\/td>\n<td width=\"227\">27. 10. \u2013 2. 11. 2025<\/td>\n<\/tr>\n<tr>\n<td width=\"387\">Novoletne po\u010ditnice<\/td>\n<td width=\"227\">29. 12. 2025 \u2013 31. 1. 2026<\/td>\n<\/tr>\n<tr>\n<td width=\"387\">Zimske po\u010ditnice<\/td>\n<td width=\"227\">16. 2. \u2013 20. 2. 2026<\/td>\n<\/tr>\n<tr>\n<td width=\"387\">Prvomajske po\u010ditnice<\/td>\n<td width=\"227\">27. 4. \u2013 3. 5. 2026<\/td>\n<\/tr>\n<tr>\n<td width=\"387\">Poletne po\u010ditnice<\/td>\n<td width=\"227\">26. 6. \u2013 31. 8. 2026<\/td>\n<\/tr>\n<\/tbody>\n<\/table>\n<\/div><div class=\"fusion-separator fusion-full-width-sep\" style=\"align-self: center;margin-left: auto;margin-right: auto;margin-top:8px;margin-bottom:8px;width:100%;\"><div class=\"fusion-separator-border sep-double\" style=\"border-color:#e0dede;border-top-width:0px;border-bottom-width:0px;\"><\/div><\/div><div class=\"fusion-menu-anchor\" id=\"Praznicni_dnevi\"><\/div><div class=\"fusion-text fusion-text-6\"><p><strong>Prazni\u010dni dnevi, pouka prost dan<\/strong><strong>\u00a0<\/strong><\/p>\n<div class=\"table-1\">\n<table width=\"614\">\n<tbody>\n<tr>\n<td width=\"387\">Proslava pred Dnevom samostojnosti in enotnosti<\/td>\n<td width=\"227\">24. 12. 2025<\/td>\n<\/tr>\n<tr>\n<td width=\"387\">Proslava pred slovenskim kulturnim praznikom<\/td>\n<td width=\"227\">6. 2. 2026<\/td>\n<\/tr>\n<tr>\n<td width=\"387\">Velikono\u010dni ponedeljek<\/td>\n<td width=\"227\">6. 4. 2026<\/td>\n<\/tr>\n<tr>\n<td width=\"387\">Proslava pred Dnevom dr\u017eavnosti<\/td>\n<td width=\"227\">24. 6. 2026<\/td>\n<\/tr>\n<tr>\n<td width=\"387\">Marijino vnebovzetje<\/td>\n<td width=\"227\">15. 8. 2026<\/td>\n<\/tr>\n<\/tbody>\n<\/table>\n<\/div>\n<\/div><div class=\"fusion-separator fusion-full-width-sep\" style=\"align-self: center;margin-left: auto;margin-right: auto;margin-top:8px;margin-bottom:8px;width:100%;\"><div class=\"fusion-separator-border sep-double\" style=\"border-color:#e0dede;border-top-width:0px;border-bottom-width:0px;\"><\/div><\/div><div class=\"fusion-menu-anchor\" id=\"Ocenjevalna_obdobja\"><\/div><div class=\"fusion-text fusion-text-7\"><p><strong>\u00a0Ocenjevalna obdobja<\/strong><\/p>\n<div class=\"table-1\">\n<table>\n<tbody>\n<tr>\n<td width=\"387\">1. ocenjevalno obdobje<\/td>\n<td width=\"213\">15. 1. 2026<\/td>\n<\/tr>\n<tr>\n<td width=\"387\">Zaklju\u010dek 2. ocenjevalnega obdobja<\/p>\n<p>za 1., 2. in 3. letnike<\/p>\n<p>za 4. letnik<\/td>\n<td width=\"213\">23. 6. 2026<\/p>\n<p>21. 5. 2026<\/td>\n<\/tr>\n<\/tbody>\n<\/table>\n<\/div>\n<\/div><div class=\"fusion-separator fusion-full-width-sep\" style=\"align-self: center;margin-left: auto;margin-right: auto;margin-top:8px;margin-bottom:8px;width:100%;\"><div class=\"fusion-separator-border sep-double\" style=\"border-color:#e0dede;border-top-width:0px;border-bottom-width:0px;\"><\/div><\/div><div class=\"fusion-menu-anchor\" id=\"Redovalne_konference\"><\/div><div class=\"fusion-text fusion-text-8\"><p><strong>Redovalne konference<\/strong><\/p>\n<div class=\"table-1\">\n<table>\n<tbody>\n<tr>\n<td width=\"387\">1. redovalna konferenca<\/td>\n<td width=\"214\">15. 1. 2026<\/td>\n<\/tr>\n<tr>\n<td width=\"387\">2. redovalna konferenca<\/p>\n<p>Za 1., 2. in 3. letnik<\/p>\n<p>Za 4. letnik<\/td>\n<td width=\"214\">19. 6. 2026<\/p>\n<p>19. 5. 2026<\/td>\n<\/tr>\n<\/tbody>\n<\/table>\n<\/div>\n<\/div><div class=\"fusion-separator fusion-full-width-sep\" style=\"align-self: center;margin-left: auto;margin-right: auto;margin-top:8px;margin-bottom:8px;width:100%;\"><div class=\"fusion-separator-border sep-double\" style=\"border-color:#e0dede;border-top-width:0px;border-bottom-width:0px;\"><\/div><\/div><div class=\"fusion-menu-anchor\" id=\"Izpitni_roki\"><\/div><div class=\"fusion-text fusion-text-9\"><p><strong>Izpitni roki<\/strong><\/p>\n<div class=\"table-1\">\n<table>\n<tbody>\n<tr>\n<td width=\"387\">Zimski izpitni rok<\/td>\n<td width=\"213\">2. 2. \u2013 27. 2. 2026<\/td>\n<\/tr>\n<tr>\n<td width=\"387\">Izpitni rok za izbolj\u0161evanje ocene za 4. letnike (predmetni izpiti)<\/td>\n<td width=\"213\">25. 5. \u2013 27. 5. 2026<\/td>\n<\/tr>\n<tr>\n<td width=\"387\">Spomladanski izpitni rok (za predmetne, dopolnilne in popravne izpite)<\/td>\n<td width=\"213\">29. 6. 2026 \u2013 \u2026<\/td>\n<\/tr>\n<tr>\n<td width=\"387\">Jesenski izpitni rok (za predmetne, dopolnilne in popravne izpite)<\/td>\n<td width=\"213\">17. 8.- 19 .8. 2026<\/td>\n<\/tr>\n<tr>\n<td width=\"387\">Jesenski izpitni rok<\/td>\n<td width=\"213\">22. . 9. 2026-\u2026<\/td>\n<\/tr>\n<\/tbody>\n<\/table>\n<\/div>\n<\/div><div class=\"fusion-separator fusion-full-width-sep\" style=\"align-self: center;margin-left: auto;margin-right: auto;margin-top:8px;margin-bottom:8px;width:100%;\"><div class=\"fusion-separator-border sep-double\" style=\"border-color:#e0dede;border-top-width:0px;border-bottom-width:0px;\"><\/div><\/div><div class=\"fusion-menu-anchor\" id=\"Govorilne_ure\"><\/div><div class=\"fusion-text fusion-text-10\"><p><strong>Govorilne ure<\/strong><\/p>\n<p>Vsak profesor ima enkrat tedensko govorilne ure. Razpored je objavljen na spletni strani \u0161ole.<\/p>\n<\/div><div class=\"fusion-separator fusion-full-width-sep\" style=\"align-self: center;margin-left: auto;margin-right: auto;margin-top:8px;margin-bottom:8px;width:100%;\"><div class=\"fusion-separator-border sep-double\" style=\"border-color:#e0dede;border-top-width:0px;border-bottom-width:0px;\"><\/div><\/div><div class=\"fusion-menu-anchor\" id=\"Skupne\"><\/div><div class=\"fusion-text fusion-text-11\"><p><strong>Skupne popoldanske govorilne ure<\/strong><\/p>\n<p>Skupnih popoldanskih govorilnih ur v leto\u0161njem \u0161olskem letu ne bo mogo\u010de izvesti zaradi popoldanskega pouka.<\/p>\n<\/div><div class=\"fusion-separator fusion-full-width-sep\" style=\"align-self: center;margin-left: auto;margin-right: auto;margin-top:8px;margin-bottom:8px;width:100%;\"><div class=\"fusion-separator-border sep-double\" style=\"border-color:#e0dede;border-top-width:0px;border-bottom-width:0px;\"><\/div><\/div><div class=\"fusion-menu-anchor\" id=\"Roditeljski_sestanki\"><\/div><div class=\"fusion-text fusion-text-12\"><p><strong>Roditeljski sestanki<\/strong><strong>\u00a0<\/strong><\/p>\n<div class=\"table-1\">\n<table>\n<tbody>\n<tr>\n<td width=\"387\">1. roditeljski sestanek<\/td>\n<td width=\"213\">1. 9. 2025 (3., 4. letnik)<\/p>\n<p>4. 9. 2025 (1., 2. letnik)<\/td>\n<\/tr>\n<tr>\n<td width=\"387\">2. roditeljski sestanek<\/p>\n<p>1.-3. letniki<\/p>\n<p>4. letniki<\/td>\n<td width=\"213\">december 2025\/januar 2026<\/td>\n<\/tr>\n<\/tbody>\n<\/table>\n<\/div>\n<\/div><div class=\"fusion-text fusion-text-13\"><p><em>Po potrebi se lahko skli\u010de \u0161e dodatni roditeljski sestanek.<\/em><\/p>\n<\/div><div class=\"fusion-separator fusion-full-width-sep\" style=\"align-self: center;margin-left: auto;margin-right: auto;margin-top:8px;margin-bottom:8px;width:100%;\"><div class=\"fusion-separator-border sep-double\" style=\"border-color:#e0dede;border-top-width:0px;border-bottom-width:0px;\"><\/div><\/div><div class=\"fusion-menu-anchor\" id=\"Ostalo\"><\/div><div class=\"fusion-text fusion-text-14\"><p><strong>Ostalo<\/strong><\/p>\n<div class=\"table-1\">\n<table width=\"601\">\n<tbody>\n<tr>\n<td width=\"387\">Prakti\u010dno usposabljanje z delom \u2013 2. letnik (TEK)<\/td>\n<td width=\"214\">Marec 2026<\/td>\n<\/tr>\n<tr>\n<td width=\"387\">Prakti\u010dno usposabljanje z delom \u2013 3. letnik (TEK)<\/p>\n<p>Prakti\u010dno usposabljanje z delom \u2013 3. letnik (EKT)<\/td>\n<td width=\"214\">Maj 2026<\/p>\n<p>4. 5.-29. 5. 2026<\/td>\n<\/tr>\n<tr>\n<td width=\"387\">Dan \u0161ole<\/td>\n<td width=\"214\">2. 12. 2025<\/td>\n<\/tr>\n<tr>\n<td width=\"387\">Informativa<\/td>\n<td width=\"214\">16. in 17. 1. 2026<\/td>\n<\/tr>\n<tr>\n<td width=\"387\">Informativna dneva za vpis v srednje \u0161ole<\/td>\n<td width=\"214\">13. in 14. 2. 2026<\/td>\n<\/tr>\n<tr>\n<td width=\"387\">Maturantski ples za dijake 4. letnikov<\/td>\n<td width=\"214\">April 2026<\/td>\n<\/tr>\n<tr>\n<td width=\"387\">Zaklju\u010dni izlet zaposleni \u0160C PET<\/td>\n<td width=\"214\">3. 7. 2026<\/td>\n<\/tr>\n<\/tbody>\n<\/table>\n<\/div>\n<\/div><\/div><style type=\"text\/css\">.fusion-body .fusion-builder-column-0{width:100% !important;margin-top : 0px;margin-bottom : 0px;}.fusion-builder-column-0 > .fusion-column-wrapper {padding-top : 0px !important;padding-right : 0px !important;margin-right : 1.92%;padding-bottom : 0px !important;padding-left : 0px !important;margin-left : 1.92%;}@media only screen and (max-width:1024px) {.fusion-body .fusion-builder-column-0{width:100% !important;order : 0;}.fusion-builder-column-0 > .fusion-column-wrapper {margin-right : 1.92%;margin-left : 1.92%;}}@media only screen and (max-width:640px) {.fusion-body .fusion-builder-column-0{width:100% !important;order : 0;}.fusion-builder-column-0 > .fusion-column-wrapper {margin-right : 1.92%;margin-left : 1.92%;}}<\/style><\/div><\/div><style type=\"text\/css\">.fusion-body .fusion-flex-container.fusion-builder-row-1{ padding-top : 0px;margin-top : 0px;padding-right : 0px;padding-bottom : 0px;margin-bottom : 0px;padding-left : 0px;}<\/style><\/div><div class=\"fusion-fullwidth fullwidth-box fusion-builder-row-2 fusion-flex-container nonhundred-percent-fullwidth non-hundred-percent-height-scrolling\" style=\"background-color: rgba(255,255,255,0);background-position: center center;background-repeat: no-repeat;border-width: 0px 0px 0px 0px;border-color:#eae9e9;border-style:solid;\" ><div class=\"fusion-builder-row fusion-row fusion-flex-align-items-flex-start\" style=\"max-width:1331.2px;margin-left: calc(-4% \/ 2 );margin-right: calc(-4% \/ 2 );\"><div class=\"fusion-layout-column fusion_builder_column fusion-builder-column-1 fusion_builder_column_1_1 1_1 fusion-flex-column\"><div class=\"fusion-column-wrapper fusion-flex-justify-content-flex-start fusion-content-layout-column\" style=\"background-position:left top;background-repeat:no-repeat;-webkit-background-size:cover;-moz-background-size:cover;-o-background-size:cover;background-size:cover;padding: 0px 0px 0px 0px;\"><div class=\"fusion-text fusion-text-15\"><\/div>\n<\/div>\n<\/div><\/div><style type=\"text\/css\">.fusion-body .fusion-builder-column-1{width:100% !important;margin-top : 0px;margin-bottom : 0px;}.fusion-builder-column-1 > .fusion-column-wrapper {padding-top : 0px !important;padding-right : 0px !important;margin-right : 1.92%;padding-bottom : 0px !important;padding-left : 0px !important;margin-left : 1.92%;}@media only screen and (max-width:1024px) {.fusion-body .fusion-builder-column-1{width:100% !important;}.fusion-builder-column-1 > .fusion-column-wrapper {margin-right : 1.92%;margin-left : 1.92%;}}@media only screen and (max-width:640px) {.fusion-body .fusion-builder-column-1{width:100% !important;}.fusion-builder-column-1 > .fusion-column-wrapper {margin-right : 1.92%;margin-left : 1.92%;}}<\/style><\/div><\/div><style type=\"text\/css\">.fusion-body .fusion-flex-container.fusion-builder-row-2{ padding-top : 0px;margin-top : 0px;padding-right : 0px;padding-bottom : 0px;margin-bottom : 0px;padding-left : 0px;}<\/style><\/div><\/p>\n","protected":false},"excerpt":{"rendered":"","protected":false},"author":1,"featured_media":0,"parent":0,"menu_order":0,"comment_status":"closed","ping_status":"closed","template":"100-width.php","meta":{"_mi_skip_tracking":false,"_exactmetrics_sitenote_active":false,"_exactmetrics_sitenote_note":"","_exactmetrics_sitenote_category":0},"yoast_head":"<!-- This site is optimized with the Yoast SEO plugin v20.8 - https:\/\/yoast.com\/wordpress\/plugins\/seo\/ -->\n<title>\u0160olski koledar - SREDNJA TEHNI\u0160KA IN STROKOVNA \u0160OLA<\/title>\n<meta name=\"description\" content=\"\u0160olski koledar - Srednja tehni\u0161ka in strokovna \u0161ola - \u0160olski center za po\u0161to, ekonomijo in telekomunikacije Ljubljana - \u0160C PET.\" \/>\n<meta name=\"robots\" content=\"index, follow, max-snippet:-1, max-image-preview:large, max-video-preview:-1\" \/>\n<link rel=\"canonical\" href=\"https:\/\/www.scpet.si\/srednja-tehniska-in-strokovna-sola\/solski-koledar\/\" \/>\n<meta property=\"og:locale\" content=\"sl_SI\" \/>\n<meta property=\"og:type\" content=\"article\" \/>\n<meta property=\"og:title\" content=\"\u0160olski koledar - SREDNJA TEHNI\u0160KA IN STROKOVNA \u0160OLA\" \/>\n<meta property=\"og:description\" content=\"\u0160olski koledar - Srednja tehni\u0161ka in strokovna \u0161ola - \u0160olski center za po\u0161to, ekonomijo in telekomunikacije Ljubljana - \u0160C PET.\" \/>\n<meta property=\"og:url\" content=\"https:\/\/www.scpet.si\/srednja-tehniska-in-strokovna-sola\/solski-koledar\/\" \/>\n<meta property=\"og:site_name\" content=\"SREDNJA TEHNI\u0160KA IN STROKOVNA \u0160OLA\" \/>\n<meta property=\"article:modified_time\" content=\"2025-10-01T09:36:42+00:00\" \/>\n<meta name=\"twitter:card\" content=\"summary_large_image\" \/>\n<meta name=\"twitter:label1\" content=\"Est. reading time\" \/>\n\t<meta name=\"twitter:data1\" content=\"6 minut\" \/>\n<script type=\"application\/ld+json\" class=\"yoast-schema-graph\">{\"@context\":\"https:\/\/schema.org\",\"@graph\":[{\"@type\":\"WebPage\",\"@id\":\"https:\/\/www.scpet.si\/srednja-tehniska-in-strokovna-sola\/solski-koledar\/\",\"url\":\"https:\/\/www.scpet.si\/srednja-tehniska-in-strokovna-sola\/solski-koledar\/\",\"name\":\"\u0160olski koledar - SREDNJA TEHNI\u0160KA IN STROKOVNA \u0160OLA\",\"isPartOf\":{\"@id\":\"https:\/\/www.scpet.si\/srednja-tehniska-in-strokovna-sola\/#website\"},\"datePublished\":\"2019-08-07T07:28:33+00:00\",\"dateModified\":\"2025-10-01T09:36:42+00:00\",\"description\":\"\u0160olski koledar - Srednja tehni\u0161ka in strokovna \u0161ola - \u0160olski center za po\u0161to, ekonomijo in telekomunikacije Ljubljana - \u0160C PET.\",\"breadcrumb\":{\"@id\":\"https:\/\/www.scpet.si\/srednja-tehniska-in-strokovna-sola\/solski-koledar\/#breadcrumb\"},\"inLanguage\":\"sl-SI\",\"potentialAction\":[{\"@type\":\"ReadAction\",\"target\":[\"https:\/\/www.scpet.si\/srednja-tehniska-in-strokovna-sola\/solski-koledar\/\"]}]},{\"@type\":\"BreadcrumbList\",\"@id\":\"https:\/\/www.scpet.si\/srednja-tehniska-in-strokovna-sola\/solski-koledar\/#breadcrumb\",\"itemListElement\":[{\"@type\":\"ListItem\",\"position\":1,\"name\":\"Home\",\"item\":\"https:\/\/www.scpet.si\/srednja-tehniska-in-strokovna-sola\/\"},{\"@type\":\"ListItem\",\"position\":2,\"name\":\"\u0160olski koledar\"}]},{\"@type\":\"WebSite\",\"@id\":\"https:\/\/www.scpet.si\/srednja-tehniska-in-strokovna-sola\/#website\",\"url\":\"https:\/\/www.scpet.si\/srednja-tehniska-in-strokovna-sola\/\",\"name\":\"SREDNJA TEHNI\u0160KA IN STROKOVNA \u0160OLA\",\"description\":\"Just another \u0160C PET Sites site\",\"potentialAction\":[{\"@type\":\"SearchAction\",\"target\":{\"@type\":\"EntryPoint\",\"urlTemplate\":\"https:\/\/www.scpet.si\/srednja-tehniska-in-strokovna-sola\/?s={search_term_string}\"},\"query-input\":\"required name=search_term_string\"}],\"inLanguage\":\"sl-SI\"}]}<\/script>\n<!-- \/ Yoast SEO plugin. -->","yoast_head_json":{"title":"\u0160olski koledar - SREDNJA TEHNI\u0160KA IN STROKOVNA \u0160OLA","description":"\u0160olski koledar - Srednja tehni\u0161ka in strokovna \u0161ola - \u0160olski center za po\u0161to, ekonomijo in telekomunikacije Ljubljana - \u0160C PET.","robots":{"index":"index","follow":"follow","max-snippet":"max-snippet:-1","max-image-preview":"max-image-preview:large","max-video-preview":"max-video-preview:-1"},"canonical":"https:\/\/www.scpet.si\/srednja-tehniska-in-strokovna-sola\/solski-koledar\/","og_locale":"sl_SI","og_type":"article","og_title":"\u0160olski koledar - SREDNJA TEHNI\u0160KA IN STROKOVNA \u0160OLA","og_description":"\u0160olski koledar - Srednja tehni\u0161ka in strokovna \u0161ola - \u0160olski center za po\u0161to, ekonomijo in telekomunikacije Ljubljana - \u0160C PET.","og_url":"https:\/\/www.scpet.si\/srednja-tehniska-in-strokovna-sola\/solski-koledar\/","og_site_name":"SREDNJA TEHNI\u0160KA IN STROKOVNA \u0160OLA","article_modified_time":"2025-10-01T09:36:42+00:00","twitter_card":"summary_large_image","twitter_misc":{"Est. reading time":"6 minut"},"schema":{"@context":"https:\/\/schema.org","@graph":[{"@type":"WebPage","@id":"https:\/\/www.scpet.si\/srednja-tehniska-in-strokovna-sola\/solski-koledar\/","url":"https:\/\/www.scpet.si\/srednja-tehniska-in-strokovna-sola\/solski-koledar\/","name":"\u0160olski koledar - SREDNJA TEHNI\u0160KA IN STROKOVNA \u0160OLA","isPartOf":{"@id":"https:\/\/www.scpet.si\/srednja-tehniska-in-strokovna-sola\/#website"},"datePublished":"2019-08-07T07:28:33+00:00","dateModified":"2025-10-01T09:36:42+00:00","description":"\u0160olski koledar - Srednja tehni\u0161ka in strokovna \u0161ola - \u0160olski center za po\u0161to, ekonomijo in telekomunikacije Ljubljana - \u0160C PET.","breadcrumb":{"@id":"https:\/\/www.scpet.si\/srednja-tehniska-in-strokovna-sola\/solski-koledar\/#breadcrumb"},"inLanguage":"sl-SI","potentialAction":[{"@type":"ReadAction","target":["https:\/\/www.scpet.si\/srednja-tehniska-in-strokovna-sola\/solski-koledar\/"]}]},{"@type":"BreadcrumbList","@id":"https:\/\/www.scpet.si\/srednja-tehniska-in-strokovna-sola\/solski-koledar\/#breadcrumb","itemListElement":[{"@type":"ListItem","position":1,"name":"Home","item":"https:\/\/www.scpet.si\/srednja-tehniska-in-strokovna-sola\/"},{"@type":"ListItem","position":2,"name":"\u0160olski koledar"}]},{"@type":"WebSite","@id":"https:\/\/www.scpet.si\/srednja-tehniska-in-strokovna-sola\/#website","url":"https:\/\/www.scpet.si\/srednja-tehniska-in-strokovna-sola\/","name":"SREDNJA TEHNI\u0160KA IN STROKOVNA \u0160OLA","description":"Just another \u0160C PET Sites site","potentialAction":[{"@type":"SearchAction","target":{"@type":"EntryPoint","urlTemplate":"https:\/\/www.scpet.si\/srednja-tehniska-in-strokovna-sola\/?s={search_term_string}"},"query-input":"required name=search_term_string"}],"inLanguage":"sl-SI"}]}},"_links":{"self":[{"href":"https:\/\/www.scpet.si\/srednja-tehniska-in-strokovna-sola\/wp-json\/wp\/v2\/pages\/197"}],"collection":[{"href":"https:\/\/www.scpet.si\/srednja-tehniska-in-strokovna-sola\/wp-json\/wp\/v2\/pages"}],"about":[{"href":"https:\/\/www.scpet.si\/srednja-tehniska-in-strokovna-sola\/wp-json\/wp\/v2\/types\/page"}],"author":[{"embeddable":true,"href":"https:\/\/www.scpet.si\/srednja-tehniska-in-strokovna-sola\/wp-json\/wp\/v2\/users\/1"}],"replies":[{"embeddable":true,"href":"https:\/\/www.scpet.si\/srednja-tehniska-in-strokovna-sola\/wp-json\/wp\/v2\/comments?post=197"}],"version-history":[{"count":0,"href":"https:\/\/www.scpet.si\/srednja-tehniska-in-strokovna-sola\/wp-json\/wp\/v2\/pages\/197\/revisions"}],"wp:attachment":[{"href":"https:\/\/www.scpet.si\/srednja-tehniska-in-strokovna-sola\/wp-json\/wp\/v2\/media?parent=197"}],"curies":[{"name":"wp","href":"https:\/\/api.w.org\/{rel}","templated":true}]}}